{"id":227,"date":"2025-06-05T12:32:27","date_gmt":"2025-06-05T10:32:27","guid":{"rendered":"https:\/\/nove.etatherm.cz\/cz\/?page_id=227"},"modified":"2025-06-11T13:26:17","modified_gmt":"2025-06-11T11:26:17","slug":"podlahove-vytapeni","status":"publish","type":"page","link":"https:\/\/nove.etatherm.cz\/cz\/podpora\/podlahove-vytapeni\/","title":{"rendered":"Podlahov\u00e9 vyt\u00e1p\u011bn\u00ed"},"content":{"rendered":"\n<h1 class=\"wp-block-heading\">REGULACE PODLAHOV\u00c9HO VYT\u00c1P\u011aN\u00cd<\/h1>\n\n\n\n<p>Podlahov\u00e9 topen\u00ed z\u00edsk\u00e1v\u00e1 sv\u00e9 p\u0159\u00edznivce p\u0159edev\u0161\u00edm n\u00e1sleduj\u00edc\u00edmi v\u00fdhodami:<\/p>\n\n\n\n<ul class=\"wp-block-list\">\n<li>v m\u00edstnosti nemus\u00ed b\u00fdt \u017e\u00e1dn\u00e1 otopn\u00e1 t\u011blesa (radi\u00e1tory, &#8230;),<\/li>\n\n\n\n<li>sni\u017euje cirkulaci vzduchu a tedy i v\u00ed\u0159en\u00ed prachu,<\/li>\n\n\n\n<li>je energeticky v\u00fdhodn\u00e9 ve spojen\u00ed s n\u00edzkoteplotn\u00edmi zdroji tepla (tepeln\u00e1 \u010derpadla, sol\u00e1rn\u00ed syst\u00e9my, z\u00e1sobn\u00edkov\u00e9 syst\u00e9my),<\/li>\n\n\n\n<li>v n\u011bkter\u00fdch p\u0159\u00edpadech p\u016fsob\u00ed subjektivn\u011b velmi p\u0159\u00edzniv\u011b (dla\u017eba koupelny, kuchyn\u011b).<\/li>\n<\/ul>\n\n\n\n<p>Mezi nev\u00fdhody podlahov\u00e9ho topen\u00ed pat\u0159\u00ed zejm\u00e9na:<\/p>\n\n\n\n<ul class=\"wp-block-list\">\n<li>zpravidla vy\u0161\u0161\u00ed investi\u010dn\u00ed n\u00e1klady,<\/li>\n\n\n\n<li>velk\u00e1 tepeln\u00e1 setrva\u010dnost a z toho plynouc\u00ed obt\u00ed\u017enost rychl\u00e9 regulace (&#8222;roztopen\u00e1&#8220; podlaha nap\u0159. nezareaguje na n\u00e1hl\u00e9 oslun\u011bn\u00ed)<\/li>\n\n\n\n<li>nutnost realizace technick\u00e9 z\u00e1ruky nep\u0159ekro\u010den\u00ed limitn\u00ed (nejvy\u0161\u0161\u00ed) teploty podlahy ve v\u0161ech re\u017eimech,<\/li>\n\n\n\n<li>p\u0159i fin\u00e1ln\u00ed \u00faprav\u011b povrchu podlahy je t\u0159eba respektovat specifick\u00e9 vlastnosti (probl\u00e9my s d\u0159ev\u011bn\u00fdmi krytinami, koberci, &#8230;).<\/li>\n<\/ul>\n\n\n\n<p>Rozlo\u017een\u00ed topn\u00fdch trubek \u010di kabel\u016f lze pod\u0159\u00eddit rozm\u00edst\u011bn\u00ed n\u00e1bytku a zp\u016fsobu u\u017e\u00edv\u00e1n\u00ed &#8211; nev\u00fdhodou je v\u0161ak trval\u00fd charakter t\u00e9to konstrukce bez praktick\u00e9 mo\u017enosti p\u0159\u00edpadn\u00fdch \u00faprav. Zaj\u00edmav\u00fdm a st\u00e1le diskutovan\u00fdm t\u00e9matem je tak\u00e9 dlouhodob\u00fd vliv tepl\u00e9 podlahy na lidsk\u00fd organismus a velikost maxim\u00e1ln\u011b p\u0159\u00edpustn\u00e9 teploty povrchu podlahy.<\/p>\n\n\n\n<p><strong><em>\u00da\u010delem tohoto \u010dl\u00e1nku v\u0161ak nen\u00ed posouzen\u00ed vhodnosti podlahov\u00e9ho vyt\u00e1p\u011bn\u00ed, ale zp\u016fsob jeho individu\u00e1ln\u00ed regulace soupravami ETATHERM v\u010detn\u011b regulace syst\u00e9m\u016f kombinovan\u00fdch (podlahov\u00e9 vyt\u00e1p\u011bn\u00ed + radi\u00e1tory, konvektory).<\/em><\/strong><\/p>\n\n\n\n<h2 class=\"wp-block-heading\">Z\u00e1kladn\u00ed konstruk\u010dn\u00ed typy podlahov\u00e9ho vyt\u00e1p\u011bn\u00ed<\/h2>\n\n\n\n<ul class=\"wp-block-list\">\n<li>teplovodn\u00ed podlahov\u00e9 vyt\u00e1p\u011bn\u00ed<\/li>\n\n\n\n<li>elektrick\u00e9 podlahov\u00e9 vyt\u00e1p\u011bn\u00ed<\/li>\n<\/ul>\n\n\n\n<h2 class=\"wp-block-heading\">REGULACE TEPLOVODN\u00cdHO PODLAHOV\u00c9HO VYT\u00c1P\u011aN\u00cd<\/h2>\n\n\n\n<h3 class=\"wp-block-heading\"><strong>Zabezpe\u010den\u00ed limitn\u00ed teploty podlahy<\/strong><\/h3>\n\n\n\n<p>V teplovodn\u00edch soustav\u00e1ch je projek\u010dn\u011b stanovena maxim\u00e1ln\u00ed dovolen\u00e1 teplota n\u00e1b\u011bhov\u00e9 vody do otopn\u00fdch segment\u016f, kter\u00e1 vych\u00e1z\u00ed z maxim\u00e1ln\u00ed povrchov\u00e9 teploty podlahy a jej\u00ed konstrukce. Teplotu n\u00e1b\u011bhov\u00e9 vody je nutno zabezpe\u010dit standardn\u00edmi zp\u016fsoby &#8211; zpravidla m\u00edch\u00e1n\u00edm v\u00fdstupn\u00ed vody ze zdroje tepla s vratnou vodou prost\u0159ednictv\u00edm sm\u011b\u0161ovac\u00edch armatur \u010di jin\u00fdch vtipn\u00fdch zapojen\u00ed. Limitn\u00ed teplota vody m\u016f\u017ee b\u00fdt rovn\u011b\u017e sni\u017eov\u00e1na v z\u00e1vislosti na zvy\u0161ov\u00e1n\u00ed venkovn\u00ed teploty (ekvitherm).<\/p>\n\n\n\n<h3 class=\"wp-block-heading\"><strong>Regulace prostorov\u00e9 teploty soupravou ETATHERM<\/strong><\/h3>\n\n\n\n<p>V sou\u010dasn\u00e9 dob\u011b lze s ohledem na pou\u017e\u00edvan\u00e9 instala\u010dn\u00ed zvyklosti aplikovat regulaci ETATHERM na teplovodn\u00ed podlahov\u00e9 syst\u00e9my v z\u00e1sad\u011b t\u0159emi zp\u016fsoby:<\/p>\n\n\n\n<ul class=\"wp-block-list\">\n<li>regulace ventil\u016f instalovan\u00fdch ve vyt\u00e1p\u011bn\u00e9m prostoru elektronick\u00fdmi hlavicemi<\/li>\n\n\n\n<li>regulace ventil\u016f na rozd\u011blova\u010di elektronick\u00fdmi hlavicemi s odd\u011blen\u00fdmi teplotn\u00edmi \u010didly<\/li>\n\n\n\n<li>regulace ventil\u016f na rozd\u011blova\u010di termopohony ovl\u00e1dan\u00fdmi koncov\u00fdmi moduly a pam\u011b\u0165ov\u00fdmi rel\u00e9.<\/li>\n<\/ul>\n\n\n\n<h3 class=\"wp-block-heading\"><strong>Regulace ventil\u016f instalovan\u00fdch ve vyt\u00e1p\u011bn\u00e9m prostoru elektronick\u00fdmi hlavicemi<\/strong><\/h3>\n\n\n\n<p>\u0158ada v\u00fdznamn\u00fdch v\u00fdrobc\u016f (Oventrop, Giacomini, Danfoss, &#8230;) nab\u00edz\u00ed ve sv\u00e9m programu speci\u00e1ln\u00ed ventily pro regulaci podlahov\u00e9ho vyt\u00e1p\u011bn\u00ed, kter\u00e9 jsou montov\u00e1ny p\u0159\u00edmo ve vyt\u00e1p\u011bn\u00e9m prostoru do st\u011bny. H\u0159\u00eddel ku\u017eelky sm\u011b\u0159uje do m\u00edstnosti, termostatick\u00e1 \u010di elektronick\u00e1 hlavice se nach\u00e1z\u00ed p\u0159\u00edmo ve vyt\u00e1p\u011bn\u00e9m prostoru a sn\u00edm\u00e1 teplotu vzduchu v m\u00edstnosti. Ventil je vybaven odvzdu\u0161\u0148ovac\u00edm ventilem. V n\u011bkter\u00fdch proveden\u00edch m\u016f\u017ee b\u00fdt na armatu\u0159e osazena tak\u00e9 termostatick\u00e1 hlavice s m\u011b\u0159en\u00edm teploty vody ve funkci omezova\u010de jej\u00ed teploty).<\/p>\n\n\n\n<p>V tomto p\u0159\u00edpad\u011b je mo\u017en\u00e9 p\u0159\u00edmo osadit elektronick\u00e9 hlavice ETATHERM b\u011b\u017en\u00fdm zp\u016fsobem. Je v\u0161ak nutn\u00e9 vy\u0159e\u0161it tak\u00e9 praktickou a estetickou str\u00e1nku mont\u00e1\u017ee (mont\u00e1\u017en\u00ed krabice pro um\u00edst\u011bn\u00ed ventilu je tvarovan\u00e1 pro pou\u017eit\u00ed termostatick\u00e9 hlavice doty\u010dn\u00e9ho v\u00fdrobce).<\/p>\n\n\n\n<p>P\u0159esto\u017ee se jedn\u00e1 o pom\u011brn\u011b elegantn\u00ed \u0159e\u0161en\u00ed regulace podlahov\u00e9ho vyt\u00e1p\u011bn\u00ed, tento instala\u010dn\u00ed zp\u016fsob se v na\u0161\u00ed zemi p\u0159\u00edli\u0161 neujal; naprost\u00e1 v\u011bt\u0161ina instalac\u00ed pou\u017e\u00edv\u00e1 regulaci na rozd\u011blova\u010di.<\/p>\n\n\n\n<h3 class=\"wp-block-heading\"><strong>Regulace ventil\u016f na rozd\u011blova\u010di elektronick\u00fdmi hlavicemi s odd\u011blen\u00fdmi teplotn\u00edmi \u010didly<\/strong><\/h3>\n\n\n\n<p>V tomto p\u0159\u00edpad\u011b jsou ventily rozd\u011blova\u010de osazeny elektronick\u00fdmi hlavicemi ETATHERM (HS2) a jejich odd\u011blen\u00e1 \u010didla (SIS) jsou vyvedena dvou\u017eilov\u00fdm st\u00edn\u011bn\u00fdm kabelem do p\u0159\u00edslu\u0161n\u00fdch m\u00edstnost\u00ed.<\/p>\n\n\n\n<figure class=\"wp-block-image size-full\"><img loading=\"lazy\" decoding=\"async\" width=\"539\" height=\"199\" src=\"https:\/\/nove.etatherm.cz\/cz\/wp-content\/uploads\/2025\/06\/podlaha_2.gif\" alt=\"Schema zapojen\u00ed syst\u00e9mu ETATHERM u teplovodn\u00edho podlahov\u00e9ho syst\u00e9mu s odd\u011blen\u00fdmi \u010didly\" class=\"wp-image-336\"\/><\/figure>\n\n\n\n<p>Proto\u017ee konektory \u010didel SIF (pro HK2) slou\u017e\u00edc\u00ed k p\u0159ipojen\u00ed do desky elektroniky hlavice jsou velmi mal\u00e9 (i s p\u0159ipojen\u00fdm kabelem maj\u00ed max. pr\u016f\u0159ez 9&#215;5 mm), je mo\u017en\u00e9 si p\u0159ipravit elektroinstala\u010dn\u00ed trubky (&#8222;hus\u00ed krky&#8220;) do st\u011bn, kabely \u010didlel SIF objednat &#8222;na m\u00edru&#8220; a prot\u00e1hnout je p\u0159ipraven\u00fdmi trubkami. \u010cidla SIS nemaj\u00ed konektory v\u016fbec a prota\u017een\u00ed kabelu je tedy snadn\u00e9. D\u00e9lka veden\u00ed kabelu \u010didla by s ohledem na elektromagnetick\u00e1 ru\u0161en\u00ed m\u011bla b\u00fdt co nejkrat\u0161\u00ed &#8211; b\u011b\u017en\u011b cca do 10 m .<\/p>\n\n\n\n<p>Ilustra\u010dn\u00ed obr\u00e1zek s hlavicemi HS2 namontovan\u00fdmi na ventilov\u00fdch vlo\u017ek\u00e1ch rozd\u011blova\u010de Danfoss s rozte\u010d\u00ed 50mm (na t\u0159et\u00ed pozici je pro ilustraci um\u00edst\u011bn dvoupolohov\u00fd termopohon):<\/p>\n\n\n\n<figure class=\"wp-block-image size-full\"><img loading=\"lazy\" decoding=\"async\" width=\"709\" height=\"509\" src=\"https:\/\/nove.etatherm.cz\/cz\/wp-content\/uploads\/2025\/06\/podlaha_3.jpg\" alt=\"Elektronick\u00e9 hlavice HS v rozd\u011blova\u010di DANFOSS\" class=\"wp-image-359\" srcset=\"https:\/\/nove.etatherm.cz\/cz\/wp-content\/uploads\/2025\/06\/podlaha_3.jpg 709w, https:\/\/nove.etatherm.cz\/cz\/wp-content\/uploads\/2025\/06\/podlaha_3-300x215.jpg 300w\" sizes=\"auto, (max-width: 709px) 100vw, 709px\" \/><\/figure>\n\n\n\n<p><\/p>\n\n\n\n<h3 class=\"wp-block-heading\" id=\"termo\"><strong>Regulace ventil\u016f na rozd\u011blova\u010di termopohony ovl\u00e1dan\u00fdmi koncov\u00fdmi moduly a pam\u011b\u0165ov\u00fdmi rel\u00e9<\/strong><\/h3>\n\n\n\n<p>Br\u00e1n\u00ed-li z\u00e1va\u017en\u00e9 d\u016fvody mont\u00e1\u017ei elektronick\u00fdch hlavic ETATHERM na ventily rozd\u011blova\u010de, lze pro regulaci podlahov\u00e9ho vyt\u00e1p\u011bn\u00ed pou\u017e\u00edt i dvoustavovou regulaci (zav\u0159eno\/otev\u0159eno) termopohony. Vzhledem k velk\u00e9 tepeln\u00e9 setrva\u010dnosti podlahov\u00e9ho vyt\u00e1p\u011bn\u00ed nen\u00ed toti\u017e nezbytn\u00e9 trvat na plynul\u00e9m ovl\u00e1d\u00e1n\u00ed pr\u016ftoku.<\/p>\n\n\n\n<p>V tomto p\u0159\u00edpad\u011b se ventily na rozd\u011blova\u010di osad\u00ed vhodn\u00fdmi termopohony (zpravidla v proveden\u00ed na s\u00ed\u0165ov\u00e9 nap\u011bt\u00ed 230V, aby nebylo nutn\u00e9 montovat zdroj jin\u00e9ho nap\u011bt\u00ed). V jednotliv\u00fdch \u0159\u00edzen\u00fdch m\u00edstnostech se um\u00edst\u00ed koncov\u00e9 moduly a jejich v\u00fdstupy se p\u0159ivedou b\u011b\u017enou dvojlinkou k desk\u00e1m pam\u011b\u0165ov\u00fdch rel\u00e9, kter\u00e9 by z praktick\u00fdch d\u016fvod\u016f mohly b\u00fdt pobl\u00ed\u017e rozd\u011blova\u010de. Jednotliv\u00e1 rel\u00e9 pak s\u00ed\u0165ov\u00fdm nap\u011bt\u00edm sp\u00ednaj\u00ed p\u0159\u00edslu\u0161n\u00e9 termopohony na p\u0159\u00edslu\u0161n\u00e9m ventilu. Je-li v n\u011bkter\u00fdch v\u011bt\u0161\u00edch m\u00edstnostech n\u011bkolik podlahov\u00fdch okruh\u016f, je mo\u017en\u00e9 jejich termopohony sp\u00ednat jedin\u00fdm rel\u00e9.<\/p>\n\n\n\n<figure class=\"wp-block-image size-full\"><img loading=\"lazy\" decoding=\"async\" width=\"528\" height=\"185\" src=\"https:\/\/nove.etatherm.cz\/cz\/wp-content\/uploads\/2025\/06\/podlaha_4.gif\" alt=\"Schema zapojen\u00ed syst\u00e9mu ETATHERM u teplovodn\u00edho podlahov\u00e9ho syst\u00e9mu s termopohony\" class=\"wp-image-338\"\/><\/figure>\n\n\n\n<p>K&#8230; koncov\u00fd modul s prostorov\u00fdm teplotn\u00edm \u010didlem<br>R1, R2, R3 &#8230; desky pam\u011b\u0165ov\u00fdch rel\u00e9 (DRP)<br>T &#8230; termopohon um\u00edst\u011bn\u00fd na ventilu rozd\u011blova\u010de<br>U &#8230; zdroj nap\u00e1jec\u00edho nap\u011bt\u00ed pro termopohony (nap\u0159. s\u00ed\u0165 230V).<\/p>\n\n\n\n<h2 class=\"wp-block-heading\">REGULACE ELEKTRICK\u00c9HO PODLAHOV\u00c9HO VYT\u00c1P\u011aN\u00cd<\/h2>\n\n\n\n<p>Elektrick\u00e9 podlahov\u00e9 vyt\u00e1p\u011bn\u00ed b\u00fdv\u00e1 realizov\u00e1no topn\u00fdmi kabely, roho\u017eemi nebo f\u00f3liemi. V\u016f\u010di teplovodn\u00edmu je charakteristick\u00e9 ni\u017e\u0161\u00ed mo\u017enou v\u00fd\u0161kou topn\u00e9 \u010d\u00e1sti podlahy a tedy i men\u0161\u00ed tepelnou setrva\u010dnost\u00ed.<\/p>\n\n\n\n<h3 class=\"wp-block-heading\"><strong>Regulace prostorov\u00e9 teploty a zabezpe\u010den\u00ed limitn\u00ed teploty podlahy<\/strong><\/h3>\n\n\n\n<p>Stejn\u011b jako u teplovodn\u00edch syst\u00e9m\u016f je sou\u010dasn\u011b s b\u011b\u017enou regulac\u00ed prostorov\u00e9 teploty nutn\u00e9 zajistit tak\u00e9 nep\u0159ekro\u010den\u00ed ur\u010den\u00e9 hodnoty povrchov\u00e9 teploty podlahy. Tuto \u00falohu m\u016f\u017ee plnit koncov\u00fd modul KD &#8211; dual senzor.<\/p>\n\n\n\n<p>B\u011b\u017en\u00e1 aplikace sest\u00e1v\u00e1 z koncov\u00e9ho modulu KD1 (s vnit\u0159n\u00edm prostorov\u00fdm \u010didlem), ke kter\u00e9mu je p\u0159ipojeno druh\u00e9 &#8211; v tomto p\u0159\u00edpad\u011b odd\u011blen\u00e9 podlahov\u00e9 \u010didlo typu SES. S ohledem na eventu\u00e1ln\u00ed po\u0161kozen\u00ed nedoporu\u010dujeme toto \u010didlo ulo\u017eit p\u0159\u00edmo do betonu, ale do vhodn\u00e9 trubky v podlaze tak, aby ho bylo mo\u017eno p\u0159\u00edpadn\u011b vym\u011bnit. Koncov\u00fd modul KD ovl\u00e1d\u00e1 desku pam\u011b\u0165ov\u00e9ho rel\u00e9 DRP sp\u00ednaj\u00edc\u00ed \u010di odp\u00ednaj\u00edc\u00ed podle pot\u0159eby topn\u00fd podlahov\u00fd element. U velk\u00fdch v\u00fdkon\u016f je samoz\u0159ejm\u011b mo\u017en\u00e9 deskou DRP ovl\u00e1dat styka\u010d nebo posilovac\u00ed rel\u00e9. Dal\u0161\u00ed podrobnosti zp\u016fsob p\u0159ipojen\u00ed viz <a href=\"https:\/\/www.etatherm.cz\/cesky\/kd_a.htm\">Koncov\u00fd modul KD<\/a>.<\/p>\n\n\n\n<p>U velmi mal\u00fdch syst\u00e9m\u016f podlahov\u00e9ho vyt\u00e1p\u011bn\u00ed, kter\u00e9 neslou\u017e\u00ed k vyt\u00e1p\u011bn\u00ed p\u0159\u00edslu\u0161n\u00e9 m\u00edstnosti, ale jen k m\u00edrn\u00e9mu oh\u0159\u00e1t\u00ed podlahy (nap\u0159. v koupeln\u011b) posta\u010d\u00ed jen regulace teploty podlahy (koncov\u00fd modul KS2 + \u010didlo SES) &#8211; bez vazby na teplotu prostorovou.<\/p>\n\n\n\n<h2 class=\"wp-block-heading\">Z\u00c1V\u011aR<\/h2>\n\n\n\n<p>Je samoz\u0159ejm\u00e9, \u017ee souprava ETATHERM m\u016f\u017ee snadno \u0159\u00eddit i kombinovan\u00e9 soustavy &#8211; tedy objekty vyt\u00e1p\u011bn\u00e9 sou\u010dasn\u011b radi\u00e1tory i podlahov\u00fdm vyt\u00e1p\u011bn\u00edm, p\u0159\u00edpadn\u011b i rozmanit\u00fdmi kombinacemi teplovodn\u00edho i elektrick\u00e9ho p\u0159\u00edmotopn\u00e9ho vyt\u00e1p\u011bn\u00ed.<\/p>\n\n\n\n<p>Budou-li nap\u0159. pro regulaci teplovodn\u00edho podlahov\u00e9ho vyt\u00e1p\u011bn\u00ed pou\u017eity termopohony v kombinaci s pam\u011b\u0165ov\u00fdmi rel\u00e9 a koncov\u00fdmi moduly, lze na jin\u00fdch adres\u00e1ch \u0159\u00eddit i vyt\u00e1p\u011bn\u00ed teplovodn\u00edmi radi\u00e1tory s elektronick\u00fdmi hlavicemi ETATHERM, p\u0159\u00edpadn\u011b elektrick\u00e9 topen\u00ed v dal\u0161\u00edch m\u00edstnostech. P\u0159edpokl\u00e1d\u00e1 se, \u017ee v\u0161echny adresy teplovodn\u00edho vyt\u00e1p\u011bn\u00ed budou sp\u0159a\u017eeny s adresou &#8222;kotel&#8220; a p\u0159i jejich natopen\u00ed na po\u017eadovan\u00e9 teploty dojde k vypnut\u00ed zdroje tepla (kotle, \u010derpadla aj.). Sou\u010dasn\u011b tato koncepce umo\u017en\u00ed sledov\u00e1n\u00ed a programov\u00e1n\u00ed v\u0161ech parametr\u016f na PC p\u0159ipojen\u00e9m k \u0159\u00eddic\u00ed jednotce.<\/p>\n","protected":false},"excerpt":{"rendered":"<p>REGULACE PODLAHOV\u00c9HO VYT\u00c1P\u011aN\u00cd Podlahov\u00e9 topen\u00ed z\u00edsk\u00e1v\u00e1 sv\u00e9 p\u0159\u00edznivce p\u0159edev\u0161\u00edm n\u00e1sleduj\u00edc\u00edmi v\u00fdhodami: Mezi nev\u00fdhody podlahov\u00e9ho topen\u00ed pat\u0159\u00ed zejm\u00e9na: Rozlo\u017een\u00ed topn\u00fdch trubek \u010di kabel\u016f lze pod\u0159\u00eddit rozm\u00edst\u011bn\u00ed&hellip;<\/p>\n","protected":false},"author":1,"featured_media":0,"parent":12,"menu_order":0,"comment_status":"closed","ping_status":"closed","template":"","meta":{"footnotes":""},"class_list":["post-227","page","type-page","status-publish","hentry"],"yoast_head":"<!-- This site is optimized with the Yoast SEO plugin v20.4 - https:\/\/yoast.com\/wordpress\/plugins\/seo\/ -->\n<title>Podlahov\u00e9 vyt\u00e1p\u011bn\u00ed - Etatherm s.r.o.<\/title>\n<meta name=\"description\" content=\"Zp\u016fsob regulace podlahov\u00e9ho a kombinovan\u00e9ho (podlahov\u00e9 vyt\u00e1p\u011bn\u00ed + radi\u00e1tory, konvektory) syst\u00e9mu vyt\u00e1p\u011bn\u00ed soupravou ETATHERM.\" \/>\n<meta name=\"robots\" content=\"index, follow, max-snippet:-1, max-image-preview:large, max-video-preview:-1\" \/>\n<link rel=\"canonical\" href=\"https:\/\/nove.etatherm.cz\/cz\/podpora\/podlahove-vytapeni\/\" \/>\n<meta property=\"og:locale\" content=\"cs_CZ\" \/>\n<meta property=\"og:type\" content=\"article\" \/>\n<meta property=\"og:title\" content=\"Podlahov\u00e9 vyt\u00e1p\u011bn\u00ed - Etatherm s.r.o.\" \/>\n<meta property=\"og:description\" content=\"Zp\u016fsob regulace podlahov\u00e9ho a kombinovan\u00e9ho (podlahov\u00e9 vyt\u00e1p\u011bn\u00ed + radi\u00e1tory, konvektory) syst\u00e9mu vyt\u00e1p\u011bn\u00ed soupravou ETATHERM.\" \/>\n<meta property=\"og:url\" content=\"https:\/\/nove.etatherm.cz\/cz\/podpora\/podlahove-vytapeni\/\" \/>\n<meta property=\"og:site_name\" content=\"Etatherm s.r.o.\" \/>\n<meta property=\"article:modified_time\" content=\"2025-06-11T11:26:17+00:00\" \/>\n<meta property=\"og:image\" content=\"https:\/\/nove.etatherm.cz\/cz\/wp-content\/uploads\/2025\/06\/podlaha_2.gif\" \/>\n<meta name=\"twitter:card\" content=\"summary_large_image\" \/>\n<meta name=\"twitter:label1\" content=\"Est. reading time\" \/>\n\t<meta name=\"twitter:data1\" content=\"7 minut\" \/>\n<script type=\"application\/ld+json\" class=\"yoast-schema-graph\">{\"@context\":\"https:\/\/schema.org\",\"@graph\":[{\"@type\":\"WebPage\",\"@id\":\"https:\/\/nove.etatherm.cz\/cz\/podpora\/podlahove-vytapeni\/\",\"url\":\"https:\/\/nove.etatherm.cz\/cz\/podpora\/podlahove-vytapeni\/\",\"name\":\"Podlahov\u00e9 vyt\u00e1p\u011bn\u00ed - Etatherm s.r.o.\",\"isPartOf\":{\"@id\":\"https:\/\/nove.etatherm.cz\/cz\/#website\"},\"datePublished\":\"2025-06-05T10:32:27+00:00\",\"dateModified\":\"2025-06-11T11:26:17+00:00\",\"description\":\"Zp\u016fsob regulace podlahov\u00e9ho a kombinovan\u00e9ho (podlahov\u00e9 vyt\u00e1p\u011bn\u00ed + radi\u00e1tory, konvektory) syst\u00e9mu vyt\u00e1p\u011bn\u00ed soupravou ETATHERM.\",\"breadcrumb\":{\"@id\":\"https:\/\/nove.etatherm.cz\/cz\/podpora\/podlahove-vytapeni\/#breadcrumb\"},\"inLanguage\":\"cs\",\"potentialAction\":[{\"@type\":\"ReadAction\",\"target\":[\"https:\/\/nove.etatherm.cz\/cz\/podpora\/podlahove-vytapeni\/\"]}]},{\"@type\":\"BreadcrumbList\",\"@id\":\"https:\/\/nove.etatherm.cz\/cz\/podpora\/podlahove-vytapeni\/#breadcrumb\",\"itemListElement\":[{\"@type\":\"ListItem\",\"position\":1,\"name\":\"\u00davod\",\"item\":\"https:\/\/nove.etatherm.cz\/cz\/\"},{\"@type\":\"ListItem\",\"position\":2,\"name\":\"Podpora\",\"item\":\"https:\/\/nove.etatherm.cz\/cz\/podpora\/\"},{\"@type\":\"ListItem\",\"position\":3,\"name\":\"Podlahov\u00e9 vyt\u00e1p\u011bn\u00ed\"}]},{\"@type\":\"WebSite\",\"@id\":\"https:\/\/nove.etatherm.cz\/cz\/#website\",\"url\":\"https:\/\/nove.etatherm.cz\/cz\/\",\"name\":\"Etatherm s.r.o.\",\"description\":\"Programov\u011b \u0159\u00edzen\u00e1 regulace vyt\u00e1p\u011bn\u00ed ETATHERM  k individu\u00e1ln\u00ed regulaci vyt\u00e1p\u011bn\u00ed jednotliv\u00fdch m\u00edstnost\u00ed\",\"publisher\":{\"@id\":\"https:\/\/nove.etatherm.cz\/cz\/#organization\"},\"potentialAction\":[{\"@type\":\"SearchAction\",\"target\":{\"@type\":\"EntryPoint\",\"urlTemplate\":\"https:\/\/nove.etatherm.cz\/cz\/?s={search_term_string}\"},\"query-input\":\"required name=search_term_string\"}],\"inLanguage\":\"cs\"},{\"@type\":\"Organization\",\"@id\":\"https:\/\/nove.etatherm.cz\/cz\/#organization\",\"name\":\"Etatherm s.r.o.\",\"url\":\"https:\/\/nove.etatherm.cz\/cz\/\",\"logo\":{\"@type\":\"ImageObject\",\"inLanguage\":\"cs\",\"@id\":\"https:\/\/nove.etatherm.cz\/cz\/#\/schema\/logo\/image\/\",\"url\":\"https:\/\/nove.etatherm.cz\/cz\/wp-content\/uploads\/2025\/01\/etatherm-logo.png\",\"contentUrl\":\"https:\/\/nove.etatherm.cz\/cz\/wp-content\/uploads\/2025\/01\/etatherm-logo.png\",\"width\":119,\"height\":53,\"caption\":\"Etatherm s.r.o.\"},\"image\":{\"@id\":\"https:\/\/nove.etatherm.cz\/cz\/#\/schema\/logo\/image\/\"}}]}<\/script>\n<!-- \/ Yoast SEO plugin. -->","yoast_head_json":{"title":"Podlahov\u00e9 vyt\u00e1p\u011bn\u00ed - Etatherm s.r.o.","description":"Zp\u016fsob regulace podlahov\u00e9ho a kombinovan\u00e9ho (podlahov\u00e9 vyt\u00e1p\u011bn\u00ed + radi\u00e1tory, konvektory) syst\u00e9mu vyt\u00e1p\u011bn\u00ed soupravou ETATHERM.","robots":{"index":"index","follow":"follow","max-snippet":"max-snippet:-1","max-image-preview":"max-image-preview:large","max-video-preview":"max-video-preview:-1"},"canonical":"https:\/\/nove.etatherm.cz\/cz\/podpora\/podlahove-vytapeni\/","og_locale":"cs_CZ","og_type":"article","og_title":"Podlahov\u00e9 vyt\u00e1p\u011bn\u00ed - Etatherm s.r.o.","og_description":"Zp\u016fsob regulace podlahov\u00e9ho a kombinovan\u00e9ho (podlahov\u00e9 vyt\u00e1p\u011bn\u00ed + radi\u00e1tory, konvektory) syst\u00e9mu vyt\u00e1p\u011bn\u00ed soupravou ETATHERM.","og_url":"https:\/\/nove.etatherm.cz\/cz\/podpora\/podlahove-vytapeni\/","og_site_name":"Etatherm s.r.o.","article_modified_time":"2025-06-11T11:26:17+00:00","og_image":[{"url":"https:\/\/nove.etatherm.cz\/cz\/wp-content\/uploads\/2025\/06\/podlaha_2.gif"}],"twitter_card":"summary_large_image","twitter_misc":{"Est. reading time":"7 minut"},"schema":{"@context":"https:\/\/schema.org","@graph":[{"@type":"WebPage","@id":"https:\/\/nove.etatherm.cz\/cz\/podpora\/podlahove-vytapeni\/","url":"https:\/\/nove.etatherm.cz\/cz\/podpora\/podlahove-vytapeni\/","name":"Podlahov\u00e9 vyt\u00e1p\u011bn\u00ed - Etatherm s.r.o.","isPartOf":{"@id":"https:\/\/nove.etatherm.cz\/cz\/#website"},"datePublished":"2025-06-05T10:32:27+00:00","dateModified":"2025-06-11T11:26:17+00:00","description":"Zp\u016fsob regulace podlahov\u00e9ho a kombinovan\u00e9ho (podlahov\u00e9 vyt\u00e1p\u011bn\u00ed + radi\u00e1tory, konvektory) syst\u00e9mu vyt\u00e1p\u011bn\u00ed soupravou ETATHERM.","breadcrumb":{"@id":"https:\/\/nove.etatherm.cz\/cz\/podpora\/podlahove-vytapeni\/#breadcrumb"},"inLanguage":"cs","potentialAction":[{"@type":"ReadAction","target":["https:\/\/nove.etatherm.cz\/cz\/podpora\/podlahove-vytapeni\/"]}]},{"@type":"BreadcrumbList","@id":"https:\/\/nove.etatherm.cz\/cz\/podpora\/podlahove-vytapeni\/#breadcrumb","itemListElement":[{"@type":"ListItem","position":1,"name":"\u00davod","item":"https:\/\/nove.etatherm.cz\/cz\/"},{"@type":"ListItem","position":2,"name":"Podpora","item":"https:\/\/nove.etatherm.cz\/cz\/podpora\/"},{"@type":"ListItem","position":3,"name":"Podlahov\u00e9 vyt\u00e1p\u011bn\u00ed"}]},{"@type":"WebSite","@id":"https:\/\/nove.etatherm.cz\/cz\/#website","url":"https:\/\/nove.etatherm.cz\/cz\/","name":"Etatherm s.r.o.","description":"Programov\u011b \u0159\u00edzen\u00e1 regulace vyt\u00e1p\u011bn\u00ed ETATHERM  k individu\u00e1ln\u00ed regulaci vyt\u00e1p\u011bn\u00ed jednotliv\u00fdch m\u00edstnost\u00ed","publisher":{"@id":"https:\/\/nove.etatherm.cz\/cz\/#organization"},"potentialAction":[{"@type":"SearchAction","target":{"@type":"EntryPoint","urlTemplate":"https:\/\/nove.etatherm.cz\/cz\/?s={search_term_string}"},"query-input":"required name=search_term_string"}],"inLanguage":"cs"},{"@type":"Organization","@id":"https:\/\/nove.etatherm.cz\/cz\/#organization","name":"Etatherm s.r.o.","url":"https:\/\/nove.etatherm.cz\/cz\/","logo":{"@type":"ImageObject","inLanguage":"cs","@id":"https:\/\/nove.etatherm.cz\/cz\/#\/schema\/logo\/image\/","url":"https:\/\/nove.etatherm.cz\/cz\/wp-content\/uploads\/2025\/01\/etatherm-logo.png","contentUrl":"https:\/\/nove.etatherm.cz\/cz\/wp-content\/uploads\/2025\/01\/etatherm-logo.png","width":119,"height":53,"caption":"Etatherm s.r.o."},"image":{"@id":"https:\/\/nove.etatherm.cz\/cz\/#\/schema\/logo\/image\/"}}]}},"_links":{"self":[{"href":"https:\/\/nove.etatherm.cz\/cz\/wp-json\/wp\/v2\/pages\/227","targetHints":{"allow":["GET"]}}],"collection":[{"href":"https:\/\/nove.etatherm.cz\/cz\/wp-json\/wp\/v2\/pages"}],"about":[{"href":"https:\/\/nove.etatherm.cz\/cz\/wp-json\/wp\/v2\/types\/page"}],"author":[{"embeddable":true,"href":"https:\/\/nove.etatherm.cz\/cz\/wp-json\/wp\/v2\/users\/1"}],"replies":[{"embeddable":true,"href":"https:\/\/nove.etatherm.cz\/cz\/wp-json\/wp\/v2\/comments?post=227"}],"version-history":[{"count":3,"href":"https:\/\/nove.etatherm.cz\/cz\/wp-json\/wp\/v2\/pages\/227\/revisions"}],"predecessor-version":[{"id":360,"href":"https:\/\/nove.etatherm.cz\/cz\/wp-json\/wp\/v2\/pages\/227\/revisions\/360"}],"up":[{"embeddable":true,"href":"https:\/\/nove.etatherm.cz\/cz\/wp-json\/wp\/v2\/pages\/12"}],"wp:attachment":[{"href":"https:\/\/nove.etatherm.cz\/cz\/wp-json\/wp\/v2\/media?parent=227"}],"curies":[{"name":"wp","href":"https:\/\/api.w.org\/{rel}","templated":true}]}}