{"id":223,"date":"2025-06-05T12:30:20","date_gmt":"2025-06-05T10:30:20","guid":{"rendered":"https:\/\/nove.etatherm.cz\/cz\/?page_id=223"},"modified":"2025-06-11T11:24:00","modified_gmt":"2025-06-11T09:24:00","slug":"faq","status":"publish","type":"page","link":"https:\/\/nove.etatherm.cz\/cz\/podpora\/faq\/","title":{"rendered":"FAQ"},"content":{"rendered":"\n<h1 class=\"wp-block-heading\">FAQ &#8211; Odpov\u011bdi na nej\u010dast\u011bji kladen\u00e9 ot\u00e1zky t\u00fdkaj\u00edc\u00ed se funkce a u\u017eit\u00ed regulace ETATHERM<\/h1>\n\n\n\n<p>  <\/p>\n\n\n\n<h5 class=\"wp-block-heading\"><strong>1. Je nutn\u00e9 p\u0159i instalaci koncov\u00fdch \u010dlen\u016f (hlavic, koncov\u00fdch modul\u016f) dodr\u017eet po\u0159ad\u00ed adres &#8211; dvojvodi\u010dov\u00e1 sb\u011brnice ETATHERM mus\u00ed v\u00e9st postupn\u011b od jednoho konc. \u010dlenu k dal\u0161\u00edmu?<\/strong><\/h5>\n\n\n\n<p>Nikoliv. Koncov\u00e9 \u010dleny je mo\u017eno p\u0159ipojovat v libovoln\u00e9m po\u0159ad\u00ed. Dvojlinku lze kdykoliv rozbo\u010dit, v mezn\u00edm p\u0159\u00edpad\u011b lze ve\u0161ker\u00e9 \u010dleny p\u0159ipojit i hv\u011bzdicov\u011b. V\u017edy je v\u0161ak t\u0159eba respektovat odd\u011blen\u00ed lev\u00e9 v\u011btve (adresy 1 \u00f7 8) od v\u011btve prav\u00e9 (adresy .1 \u00f7 .8).<\/p>\n\n\n\n<h5 class=\"wp-block-heading\"><strong>2. Jak\u00e1 teplota je prost\u0159ednictv\u00edm zp\u011btn\u00e9 odpov\u011bdi hl\u00e1\u0161ena z m\u00edstnosti, ve kter\u00e9 je v\u00edce koncov\u00fdch \u010dlen\u016f (max. 3), jestli\u017ee je z\u0159ejm\u00e9, \u017ee teploty mohou b\u00fdt z r\u016fzn\u00fdch p\u0159\u00ed\u010din r\u016fzn\u00e9?<\/strong><\/h5>\n\n\n\n<p>Jestli\u017ee jsou teploty v m\u00edstech \u010didel r\u016fzn\u00e9, hl\u00e1s\u00ed zp\u011btn\u00e1 odpov\u011b\u010f nejni\u017e\u0161\u00ed z nich.<\/p>\n\n\n\n<h5 class=\"wp-block-heading\"><strong>3. Co hl\u00e1s\u00ed zp\u011btn\u00e1 odpov\u011b\u010f z adresy, na kter\u00e9 nen\u00ed koncov\u00fd \u010dlen, p\u0159\u00edpadn\u011b p\u0159i zkratu vodi\u010d\u016f sb\u011brnice?<\/strong><\/h5>\n\n\n\n<p>Zp\u011btn\u00e1 odpov\u011b\u010f hl\u00e1s\u00ed:<\/p>\n\n\n\n<figure class=\"wp-block-table\"><table class=\"has-fixed-layout\"><tbody><tr><th>displej \u0158J<\/th><th>program v PC<\/th><th>situace<\/th><\/tr><tr><td>..&#8220; <sup><strong>\u2013 \u2013<\/strong><\/sup> &#8222;..<\/td><td>?&gt;<\/td><td>na adrese nen\u00ed koncov\u00fd \u010dlen, sb\u011brnice na cest\u011b k t\u00e9to adrese p\u0159eru\u0161ena,<br>je sepnut okenn\u00ed kontakt, teplota p\u0159ekro\u010dila horn\u00ed mez rozsahu,<br>odpor vodi\u010d\u016f vedouc\u00edch k adrese p\u0159ekro\u010dil max. povolenou hodnotu<\/td><\/tr><tr><td>.. &#8220; <strong>_ _<\/strong> &#8220; ..<\/td><td>?&lt;<\/td><td>zkrat na sb\u011brnici, obdobn\u00e1 porucha koncov\u00e9ho \u010dlenu,<br>p\u0159eru\u0161en\u00fd p\u0159\u00edvod k \u010didlu<\/td><\/tr><\/tbody><\/table><\/figure>\n\n\n\n<h5 class=\"wp-block-heading\"><strong>4. Lze pou\u017e\u00edt soupravu ETATHERM pro regulaci podlahov\u00e9ho vyt\u00e1p\u011bn\u00ed?<\/strong><\/h5>\n\n\n\n<p>Ano.<br>U teplovodn\u00edch podlahov\u00fdch syst\u00e9m\u016f je zpravidla pot\u0159ebn\u00e9 montovat hlavici na ventil v rozvodnici a do konkr\u00e9tn\u00ed m\u00edstnosti vyt\u00e1hnout odd\u011blen\u00e9 intern\u00ed \u010didlo (SIS). Limitn\u00ed teplota podlahy je obvykle \u0159\u00edzena sm\u011b\u0161ovac\u00ed armaturou se zaji\u0161t\u011bn\u00edm maxim\u00e1ln\u00ed teploty n\u00e1b\u011bhov\u00e9 vody.<br>U p\u0159\u00edmotopn\u00fdch elektrick\u00fdch podlahov\u00fdch syst\u00e9m\u016f je krom\u011b regulace teploty vzduchu limitovat povrchovou teplotu podlahy. Tyto \u00fakoly m\u016f\u017ee splnit koncov\u00fd modul KD1 s podlahov\u00fdm \u010didlem typu SES, kter\u00fd ovl\u00e1d\u00e1 sepnut\u00ed rel\u00e9 v p\u0159\u00edvodn\u00edm veden\u00ed k topn\u00e9mu elementu.<\/p>\n\n\n\n<h5 class=\"wp-block-heading\"><strong>5. Pro\u010d m\u00e1 elektronick\u00e1 hlavice ETATHERM zdvih jen cca 1,4 mm?<\/strong><\/h5>\n\n\n\n<p>Tato hodnota byla zvolena proto, aby regulace prob\u00edhala pokud mo\u017eno v line\u00e1rn\u00ed oblasti charakteristik a nedoch\u00e1zelo k hydraulick\u00fdm komplikac\u00edm p\u0159i p\u0159echodn\u00fdch d\u011bj\u00edch.<br>Podrobn\u011b tento probl\u00e9m vysv\u011btluje \u010dl\u00e1nek &#8222;<a href=\"https:\/\/www.etatherm.cz\/cesky\/sys2_h.htm#zdvih\">Zdvih ku\u017eelky ventilu<\/a>&#8222;.<\/p>\n\n\n\n<h5 class=\"wp-block-heading\"><strong>6. Je mo\u017eno u soupravy ETATHERM d\u00e1lkov\u011b (po telefonu) p\u0159ep\u00ednat \u00fatlumov\u00fd re\u017eim na komfortn\u00ed p\u0159\u00edp. naopak (nap\u0159. na chat\u011b)?<\/strong><\/h5>\n\n\n\n<p>\u0158\u00eddic\u00ed jednotka ETH1mod m\u00e1 vstup PWM vybaven proudov\u00fdm zdrojem. K aktivaci po\u017eadovan\u00e9ho stavu posta\u010d\u00ed pouh\u00e9 propojen\u00ed vstupn\u00edch svorek AD, KD (termostatem, sp\u00edna\u010dem, kontaktem rel\u00e9 od jin\u00e9ho za\u0159\u00edzen\u00ed atd.).<\/p>\n\n\n\n<p>Pro ty, kte\u0159\u00ed na chatu v\u00edcem\u00e9n\u011b pravideln\u011b jezd\u00ed a nemaj\u00ed zaveden telefon, existuje i jin\u00e1 metoda. Programy se nastav\u00ed na cel\u00fd t\u00fdden na n\u00edzk\u00e9 teploty a v dob\u011b p\u0159ed obvykl\u00fdm p\u0159\u00edjezdem se na cca 2 \u00f7 3 hodiny nastav\u00ed (t\u0159eba jen v n\u011bkter\u00fdch m\u00edstnostech) teplota komfortn\u00ed. Pokud na chatu v uvedenou dobu skute\u010dn\u011b p\u0159ijedete, zm\u011bn\u00edte si do\u010dasn\u00e9 zv\u00fd\u0161en\u00ed teplot na trval\u00e9 po celou dobu pobytu. Pokud V\u00e1m do toho n\u011bco p\u0159ijde a na chatu se nedostanete, znamen\u00e1 to, \u017ee jste &#8222;zbyte\u010dn\u011b&#8220; topili jen cca 2 \u00f7 3 hodiny.<\/p>\n\n\n\n<h5 class=\"wp-block-heading\"><strong>7. Za jak\u00fdch okolnost\u00ed lze ve star\u0161\u00ed souprav\u011b vym\u011bnit desku elektroniky \u0159\u00eddic\u00ed jednotky ETA0497 za desku z \u0159\u00eddic\u00ed jednotky ETH1mod?<\/strong><\/h5>\n\n\n\n<p>Pouze v p\u0159\u00edpadech, kdy koncov\u00e9 \u010dleny jsou z \u0159ady KZS, KQS, HZS, HQS. Koncov\u00e9 \u010dleny KM, HL, ji\u017e v takov\u00e9 sestav\u011b nemohou b\u00fdt pou\u017eity. Pokud byl pou\u017eit i rozbo\u010dova\u010d sb\u011brnice, mus\u00ed b\u00fdt nov\u011b ob\u011b v\u011btve sb\u011brnice p\u0159ivedeny a\u017e do \u0159\u00eddic\u00ed jednotky.<\/p>\n\n\n\n<h5 class=\"wp-block-heading\"><strong>8. \u0158ada lid\u00ed tvrd\u00ed, \u017ee programovan\u00e1 individu\u00e1ln\u00ed regulace vlastn\u011b nem\u00e1 v\u00fdznam, proto\u017ee v\u00edc, ne\u017e u\u0161et\u0159\u00ed kr\u00e1tkodob\u00fd teplotn\u00ed \u00fatlum, se spot\u0159ebuje na op\u011btovn\u00e9 natopen\u00ed (v\u010detn\u011b akumulace tepla zdivem). Je to pravda?<\/strong><\/h5>\n\n\n\n<p>Nen\u00ed to pravda, ale tento z\u00e1sadn\u00ed omyl je bohu\u017eel dosti roz\u0161\u00ed\u0159en a to i mezi &#8222;odborn\u00edky&#8220;. Spot\u0159eba tepla jak\u00e9hokoliv objektu je ur\u010dena t\u0159emi faktory:<\/p>\n\n\n\n<ul class=\"wp-block-list\">\n<li>objemem vyt\u00e1p\u011bn\u00e9ho prostoru,<\/li>\n\n\n\n<li>stavebn\u011b teplotn\u00edmi charakteristikami (stupn\u011bm tepeln\u00e9 izolace) a<\/li>\n\n\n\n<li>rozd\u00edlem mezi vnit\u0159n\u00ed a vn\u011bj\u0161\u00ed teplotou.<\/li>\n<\/ul>\n\n\n\n<p>Prvn\u00ed dva \u00fadaje jsou v dan\u00e9m p\u0159\u00edpad\u011b konstantou a ovliv\u0148ovat lze pouze faktor teploty. Pokud jde o akumulaci tepla st\u011bnami, je t\u0159eba m\u00edt na mysli z\u00e1kon o zachov\u00e1n\u00ed energie &#8211; to, co st\u011bny naakumuluj\u00ed, to tak\u00e9 vyz\u00e1\u0159\u00ed (jak do vnit\u0159n\u00edho, tak do vn\u011bj\u0161\u00edho prostoru). V\u00fdsledn\u00e1 energetick\u00e1 bilance tedy ve v\u00fdsledku z\u00e1vis\u00ed skute\u010dn\u011b jen na teplot\u00e1ch a dob\u011b jejich za\u0159azen\u00ed. Jak\u00fdkoliv teplotn\u00ed \u00fatlum za\u0159azen\u00fd po jakoukoliv dobu p\u0159in\u00e1\u0161\u00ed energetickou \u00fasporu! R\u016fzn\u00e1 akumulace tepla zdivem v dan\u00e9m p\u0159\u00edpad\u011b ovliv\u0148uje pouze \u010dasov\u00e9 p\u0159edstihy, se kter\u00fdmi je vhodn\u00e9 nastavit zah\u00e1jen\u00ed teplotn\u00edho \u00fatlumu a naopak za\u010d\u00e1tek vyt\u00e1p\u011bn\u00ed na komfortn\u00ed teplotu.<\/p>\n\n\n\n<h5 class=\"wp-block-heading\"><strong>9. Co se d\u011bje s regula\u010dn\u00ed soupravou v p\u0159\u00edpad\u011b v\u00fdpadku elektrick\u00e9 energie v s\u00edti 230 V&nbsp;?<\/strong><\/h5>\n\n\n\n<p>\u0158\u00eddic\u00ed jednotka p\u0159estane vys\u00edlat do sb\u011brnice, pohasne displej. Koncov\u00e9 \u010dleny (hlavice, pam\u011b\u0165ov\u00e1 rel\u00e9) z\u016fstanou v poloze, kterou zauj\u00edmaly p\u0159i v\u00fdpadku nap\u00e1jen\u00ed. Hodiny a d\u016fle\u017eit\u00e9 \u00fadaje jsou v \u0159\u00eddic\u00ed jednotce ETH1 z\u00e1lohov\u00e1ny lithiovou bateri\u00ed.<\/p>\n\n\n\n<p>Po obnoven\u00ed dod\u00e1vky el. energie se displej rozsv\u00edt\u00ed a bude ukazovat spr\u00e1vn\u00fd \u010das. Souprava za\u010dne op\u011bt pracovat.<\/p>\n\n\n\n<h5 class=\"wp-block-heading\"><strong>10. Lze k nap\u00e1jen\u00ed \u0159\u00eddic\u00ed jednotky pou\u017e\u00edt jin\u00fd nap\u00e1jec\u00ed zdroj ne\u017e dod\u00e1van\u00fd?<\/strong><\/h5>\n\n\n\n<p>Takov\u00e9 \u0159e\u0161en\u00ed z\u00e1sadn\u011b nedoporu\u010dujeme ze dvou d\u016fvod\u016f.<\/p>\n\n\n\n<ul class=\"wp-block-list\">\n<li>Prvn\u00edm je ot\u00e1zka elektrick\u00e9 bezpe\u010dnosti a elektromagnetick\u00e9 kompatibility, kde aplikac\u00ed jin\u00e9ho zdroje m\u016f\u017ee doj\u00edt k poru\u0161en\u00ed uveden\u00fdch vlastnost\u00ed.<\/li>\n\n\n\n<li>Druh\u00fdm je ot\u00e1zka odolnosti soupravy v\u016f\u010di vn\u011bj\u0161\u00edm zdroj\u016fm ru\u0161en\u00ed a spr\u00e1vn\u00e9 chov\u00e1n\u00ed jednotky p\u0159i v\u00fdpadku s\u00ed\u0165ov\u00e9ho nap\u00e1jen\u00ed.<\/li>\n<\/ul>\n\n\n\n<p>V p\u0159\u00edpad\u011b, \u017ee je nutn\u00e9 zachovat plnou funkci soupravy i p\u0159i v\u00fdpadku nap\u00e1jen\u00ed, lze pou\u017e\u00edt akumul\u00e1tor 12 V; zp\u016fsob p\u0159ipojen\u00ed v\u0161ak mus\u00ed zahrnovat spr\u00e1vn\u00e9 ji\u0161t\u011bn\u00ed v\u0161ech prvk\u016f.<\/p>\n","protected":false},"excerpt":{"rendered":"<p>FAQ &#8211; Odpov\u011bdi na nej\u010dast\u011bji kladen\u00e9 ot\u00e1zky t\u00fdkaj\u00edc\u00ed se funkce a u\u017eit\u00ed regulace ETATHERM 1. Je nutn\u00e9 p\u0159i instalaci koncov\u00fdch \u010dlen\u016f (hlavic, koncov\u00fdch modul\u016f) dodr\u017eet&hellip;<\/p>\n","protected":false},"author":1,"featured_media":0,"parent":12,"menu_order":0,"comment_status":"closed","ping_status":"closed","template":"","meta":{"footnotes":""},"class_list":["post-223","page","type-page","status-publish","hentry"],"yoast_head":"<!-- This site is optimized with the Yoast SEO plugin v20.4 - https:\/\/yoast.com\/wordpress\/plugins\/seo\/ -->\n<title>FAQ - Etatherm s.r.o.<\/title>\n<meta name=\"description\" content=\"Odpov\u011bdi na nej\u010dast\u011bji kladen\u00e9 ot\u00e1zky t\u00fdkaj\u00edc\u00ed se funkce a u\u017eit\u00ed regulace ETATHERM.\" \/>\n<meta name=\"robots\" content=\"index, follow, max-snippet:-1, max-image-preview:large, max-video-preview:-1\" \/>\n<link rel=\"canonical\" href=\"https:\/\/nove.etatherm.cz\/cz\/podpora\/faq\/\" \/>\n<meta property=\"og:locale\" content=\"cs_CZ\" \/>\n<meta property=\"og:type\" content=\"article\" \/>\n<meta property=\"og:title\" content=\"FAQ - Etatherm s.r.o.\" \/>\n<meta property=\"og:description\" content=\"Odpov\u011bdi na nej\u010dast\u011bji kladen\u00e9 ot\u00e1zky t\u00fdkaj\u00edc\u00ed se funkce a u\u017eit\u00ed regulace ETATHERM.\" \/>\n<meta property=\"og:url\" content=\"https:\/\/nove.etatherm.cz\/cz\/podpora\/faq\/\" \/>\n<meta property=\"og:site_name\" content=\"Etatherm s.r.o.\" \/>\n<meta property=\"article:modified_time\" content=\"2025-06-11T09:24:00+00:00\" \/>\n<meta name=\"twitter:card\" content=\"summary_large_image\" \/>\n<meta name=\"twitter:label1\" content=\"Est. reading time\" \/>\n\t<meta name=\"twitter:data1\" content=\"5 minut\" \/>\n<script type=\"application\/ld+json\" class=\"yoast-schema-graph\">{\"@context\":\"https:\/\/schema.org\",\"@graph\":[{\"@type\":\"WebPage\",\"@id\":\"https:\/\/nove.etatherm.cz\/cz\/podpora\/faq\/\",\"url\":\"https:\/\/nove.etatherm.cz\/cz\/podpora\/faq\/\",\"name\":\"FAQ - Etatherm s.r.o.\",\"isPartOf\":{\"@id\":\"https:\/\/nove.etatherm.cz\/cz\/#website\"},\"datePublished\":\"2025-06-05T10:30:20+00:00\",\"dateModified\":\"2025-06-11T09:24:00+00:00\",\"description\":\"Odpov\u011bdi na nej\u010dast\u011bji kladen\u00e9 ot\u00e1zky t\u00fdkaj\u00edc\u00ed se funkce a u\u017eit\u00ed regulace ETATHERM.\",\"breadcrumb\":{\"@id\":\"https:\/\/nove.etatherm.cz\/cz\/podpora\/faq\/#breadcrumb\"},\"inLanguage\":\"cs\",\"potentialAction\":[{\"@type\":\"ReadAction\",\"target\":[\"https:\/\/nove.etatherm.cz\/cz\/podpora\/faq\/\"]}]},{\"@type\":\"BreadcrumbList\",\"@id\":\"https:\/\/nove.etatherm.cz\/cz\/podpora\/faq\/#breadcrumb\",\"itemListElement\":[{\"@type\":\"ListItem\",\"position\":1,\"name\":\"\u00davod\",\"item\":\"https:\/\/nove.etatherm.cz\/cz\/\"},{\"@type\":\"ListItem\",\"position\":2,\"name\":\"Podpora\",\"item\":\"https:\/\/nove.etatherm.cz\/cz\/podpora\/\"},{\"@type\":\"ListItem\",\"position\":3,\"name\":\"FAQ\"}]},{\"@type\":\"WebSite\",\"@id\":\"https:\/\/nove.etatherm.cz\/cz\/#website\",\"url\":\"https:\/\/nove.etatherm.cz\/cz\/\",\"name\":\"Etatherm s.r.o.\",\"description\":\"Programov\u011b \u0159\u00edzen\u00e1 regulace vyt\u00e1p\u011bn\u00ed ETATHERM  k individu\u00e1ln\u00ed regulaci vyt\u00e1p\u011bn\u00ed jednotliv\u00fdch m\u00edstnost\u00ed\",\"publisher\":{\"@id\":\"https:\/\/nove.etatherm.cz\/cz\/#organization\"},\"potentialAction\":[{\"@type\":\"SearchAction\",\"target\":{\"@type\":\"EntryPoint\",\"urlTemplate\":\"https:\/\/nove.etatherm.cz\/cz\/?s={search_term_string}\"},\"query-input\":\"required name=search_term_string\"}],\"inLanguage\":\"cs\"},{\"@type\":\"Organization\",\"@id\":\"https:\/\/nove.etatherm.cz\/cz\/#organization\",\"name\":\"Etatherm s.r.o.\",\"url\":\"https:\/\/nove.etatherm.cz\/cz\/\",\"logo\":{\"@type\":\"ImageObject\",\"inLanguage\":\"cs\",\"@id\":\"https:\/\/nove.etatherm.cz\/cz\/#\/schema\/logo\/image\/\",\"url\":\"https:\/\/nove.etatherm.cz\/cz\/wp-content\/uploads\/2025\/01\/etatherm-logo.png\",\"contentUrl\":\"https:\/\/nove.etatherm.cz\/cz\/wp-content\/uploads\/2025\/01\/etatherm-logo.png\",\"width\":119,\"height\":53,\"caption\":\"Etatherm s.r.o.\"},\"image\":{\"@id\":\"https:\/\/nove.etatherm.cz\/cz\/#\/schema\/logo\/image\/\"}}]}<\/script>\n<!-- \/ Yoast SEO plugin. -->","yoast_head_json":{"title":"FAQ - Etatherm s.r.o.","description":"Odpov\u011bdi na nej\u010dast\u011bji kladen\u00e9 ot\u00e1zky t\u00fdkaj\u00edc\u00ed se funkce a u\u017eit\u00ed regulace ETATHERM.","robots":{"index":"index","follow":"follow","max-snippet":"max-snippet:-1","max-image-preview":"max-image-preview:large","max-video-preview":"max-video-preview:-1"},"canonical":"https:\/\/nove.etatherm.cz\/cz\/podpora\/faq\/","og_locale":"cs_CZ","og_type":"article","og_title":"FAQ - Etatherm s.r.o.","og_description":"Odpov\u011bdi na nej\u010dast\u011bji kladen\u00e9 ot\u00e1zky t\u00fdkaj\u00edc\u00ed se funkce a u\u017eit\u00ed regulace ETATHERM.","og_url":"https:\/\/nove.etatherm.cz\/cz\/podpora\/faq\/","og_site_name":"Etatherm s.r.o.","article_modified_time":"2025-06-11T09:24:00+00:00","twitter_card":"summary_large_image","twitter_misc":{"Est. reading time":"5 minut"},"schema":{"@context":"https:\/\/schema.org","@graph":[{"@type":"WebPage","@id":"https:\/\/nove.etatherm.cz\/cz\/podpora\/faq\/","url":"https:\/\/nove.etatherm.cz\/cz\/podpora\/faq\/","name":"FAQ - Etatherm s.r.o.","isPartOf":{"@id":"https:\/\/nove.etatherm.cz\/cz\/#website"},"datePublished":"2025-06-05T10:30:20+00:00","dateModified":"2025-06-11T09:24:00+00:00","description":"Odpov\u011bdi na nej\u010dast\u011bji kladen\u00e9 ot\u00e1zky t\u00fdkaj\u00edc\u00ed se funkce a u\u017eit\u00ed regulace ETATHERM.","breadcrumb":{"@id":"https:\/\/nove.etatherm.cz\/cz\/podpora\/faq\/#breadcrumb"},"inLanguage":"cs","potentialAction":[{"@type":"ReadAction","target":["https:\/\/nove.etatherm.cz\/cz\/podpora\/faq\/"]}]},{"@type":"BreadcrumbList","@id":"https:\/\/nove.etatherm.cz\/cz\/podpora\/faq\/#breadcrumb","itemListElement":[{"@type":"ListItem","position":1,"name":"\u00davod","item":"https:\/\/nove.etatherm.cz\/cz\/"},{"@type":"ListItem","position":2,"name":"Podpora","item":"https:\/\/nove.etatherm.cz\/cz\/podpora\/"},{"@type":"ListItem","position":3,"name":"FAQ"}]},{"@type":"WebSite","@id":"https:\/\/nove.etatherm.cz\/cz\/#website","url":"https:\/\/nove.etatherm.cz\/cz\/","name":"Etatherm s.r.o.","description":"Programov\u011b \u0159\u00edzen\u00e1 regulace vyt\u00e1p\u011bn\u00ed ETATHERM  k individu\u00e1ln\u00ed regulaci vyt\u00e1p\u011bn\u00ed jednotliv\u00fdch m\u00edstnost\u00ed","publisher":{"@id":"https:\/\/nove.etatherm.cz\/cz\/#organization"},"potentialAction":[{"@type":"SearchAction","target":{"@type":"EntryPoint","urlTemplate":"https:\/\/nove.etatherm.cz\/cz\/?s={search_term_string}"},"query-input":"required name=search_term_string"}],"inLanguage":"cs"},{"@type":"Organization","@id":"https:\/\/nove.etatherm.cz\/cz\/#organization","name":"Etatherm s.r.o.","url":"https:\/\/nove.etatherm.cz\/cz\/","logo":{"@type":"ImageObject","inLanguage":"cs","@id":"https:\/\/nove.etatherm.cz\/cz\/#\/schema\/logo\/image\/","url":"https:\/\/nove.etatherm.cz\/cz\/wp-content\/uploads\/2025\/01\/etatherm-logo.png","contentUrl":"https:\/\/nove.etatherm.cz\/cz\/wp-content\/uploads\/2025\/01\/etatherm-logo.png","width":119,"height":53,"caption":"Etatherm s.r.o."},"image":{"@id":"https:\/\/nove.etatherm.cz\/cz\/#\/schema\/logo\/image\/"}}]}},"_links":{"self":[{"href":"https:\/\/nove.etatherm.cz\/cz\/wp-json\/wp\/v2\/pages\/223","targetHints":{"allow":["GET"]}}],"collection":[{"href":"https:\/\/nove.etatherm.cz\/cz\/wp-json\/wp\/v2\/pages"}],"about":[{"href":"https:\/\/nove.etatherm.cz\/cz\/wp-json\/wp\/v2\/types\/page"}],"author":[{"embeddable":true,"href":"https:\/\/nove.etatherm.cz\/cz\/wp-json\/wp\/v2\/users\/1"}],"replies":[{"embeddable":true,"href":"https:\/\/nove.etatherm.cz\/cz\/wp-json\/wp\/v2\/comments?post=223"}],"version-history":[{"count":4,"href":"https:\/\/nove.etatherm.cz\/cz\/wp-json\/wp\/v2\/pages\/223\/revisions"}],"predecessor-version":[{"id":334,"href":"https:\/\/nove.etatherm.cz\/cz\/wp-json\/wp\/v2\/pages\/223\/revisions\/334"}],"up":[{"embeddable":true,"href":"https:\/\/nove.etatherm.cz\/cz\/wp-json\/wp\/v2\/pages\/12"}],"wp:attachment":[{"href":"https:\/\/nove.etatherm.cz\/cz\/wp-json\/wp\/v2\/media?parent=223"}],"curies":[{"name":"wp","href":"https:\/\/api.w.org\/{rel}","templated":true}]}}